{"id":11,"date":"2008-05-17T17:01:06","date_gmt":"2008-05-17T15:01:06","guid":{"rendered":"http:\/\/jerome.tiphene.free.fr\/hdb\/?page_id=11"},"modified":"2026-01-11T20:13:37","modified_gmt":"2026-01-11T18:13:37","slug":"le-mot-du-president","status":"publish","type":"page","link":"https:\/\/www.harmoniedeblois.fr\/?page_id=11","title":{"rendered":"Le mot du pr\u00e9sident&#8230;"},"content":{"rendered":"<p>Association d\u2019int\u00e9r\u00eat g\u00e9n\u00e9ral, implant\u00e9e dans le paysage bl\u00e9sois depuis de nombreuses ann\u00e9es, l\u2019Harmonie de Blois est dirig\u00e9e d\u2019une part par son talentueux chef d\u2019orchestre Vincent Ri\u00e8s, et pilot\u00e9e d\u2019autre part par un conseil d\u2019administration tr\u00e8s dynamique regroupant des personnes volontaires et r\u00e9unies autour d\u2019un projet commun : permettre \u00e0 toutes et \u00e0 tous d\u2019acc\u00e9der \u00e0 la musique.<\/p>\n<p>Int\u00e9grer l\u2019Harmonie de Blois, c\u2019est s\u2019enrichir musicalement en s\u2019investissant chacune et chacun \u00e0 son niveau, gr\u00e2ce \u00e0 des programmes vari\u00e9s, motivants et de qualit\u00e9, qui font de l\u2019orchestre une partie int\u00e9grante du patrimoine bl\u00e9sois. Que ce soit par ses incontournables concerts \u00e0 la Halle aux Grains ou par sa participation aux services officiels, l\u2019Harmonie participe ainsi pleinement \u00e0 l\u2019activit\u00e9 musicale de la ville de Blois.<\/p>\n<p>Int\u00e9grer l\u2019Harmonie de Blois, c\u2019est aussi la possibilit\u00e9 d\u2019apprendre la musique au sein de son \u00e9cole, membre du r\u00e9seau cadence, et ouverte \u00e0 tous \u00e0 partir de 7 ans.<\/p>\n<p>Mais int\u00e9grer l\u2019Harmonie de Blois, c\u2019est aussi vivre une aventure humaine extraordinaire, de partage et de convivialit\u00e9.<\/p>\n<p>Si vous \u00eates musicienne ou musicien amateur(e), que vous habitez \u00e0 Blois ou sa r\u00e9gion, et que l\u2019aventure vous tente, n\u2019h\u00e9sitez donc pas \u00e0 venir nous voir et pourquoi pas nous rejoindre ! Vous h\u00e9sitez, avez un doute, une question, souhaitez faire un essai, pour voir : rien de plus simple ! Il vous suffit de nous contacter \u00e0 l\u2019adresse contact@harmoniedeblois.fr ! Cela ne vous engage \u00e0 rien\u2026 !<\/p>\n<p>Depuis pr\u00e8s de 25 ans ans, ce sont Pierre Gatault, Dominique Buquet et Karine Cauquil, qui se sont succ\u00e9d\u00e9(e)s en tant que pr\u00e9sident de l\u2019association et qui ont rendu cette aventure possible en f\u00e9d\u00e9rant l\u2019ensemble des musiciennes et musiciens autour d\u2019eux. C\u2019est dans un esprit de partage, d\u2019entraide et d\u2019ouverture vers les autres qu\u2019ils ont \u0153uvr\u00e9 (respectivement pendant 10, 5 et 8 ans). Aujourd\u2019hui, les membres actifs de l\u2019association et le conseil d\u2019administration ont choisi de m\u2019accorder leur confiance. C\u2019est donc dans le respect des valeurs qui font la force de l\u2019Harmonie de Blois que j\u2019aurai plaisir \u00e0 m\u2019investir dans cette belle association.<\/p>\n<p>Pour ne manquer aucune de nos prestations, retrouvez notre programme d\u00e9taill\u00e9 dans notre <a href=\"http:\/\/www.harmoniedeblois.fr\/?page_id=26\">calendrier<\/a> ou rejoignez notre <a href=\"http:\/\/www.facebook.com\/harmoniedeblois\">page facebook<\/a> !<\/p>\n<p style=\"text-align:right\">Rapha\u00ebl Vaivre<\/p>\n","protected":false},"excerpt":{"rendered":"<p>Association d\u2019int\u00e9r\u00eat g\u00e9n\u00e9ral, implant\u00e9e dans le paysage bl\u00e9sois depuis de nombreuses ann\u00e9es, l\u2019Harmonie de Blois est dirig\u00e9e d\u2019une part par son talentueux chef d\u2019orchestre Vincent Ri\u00e8s, et pilot\u00e9e d\u2019autre part par un conseil d\u2019administration tr\u00e8s dynamique regroupant des personnes volontaires et r\u00e9unies autour d\u2019un projet commun : permettre \u00e0 toutes et \u00e0 tous d\u2019acc\u00e9der \u00e0 [&hellip;]<\/p>\n","protected":false},"author":1,"featured_media":0,"parent":0,"menu_order":0,"comment_status":"open","ping_status":"open","template":"","meta":{"footnotes":""},"class_list":["post-11","page","type-page","status-publish","hentry"],"_links":{"self":[{"href":"https:\/\/www.harmoniedeblois.fr\/index.php?rest_route=\/wp\/v2\/pages\/11","targetHints":{"allow":["GET"]}}],"collection":[{"href":"https:\/\/www.harmoniedeblois.fr\/index.php?rest_route=\/wp\/v2\/pages"}],"about":[{"href":"https:\/\/www.harmoniedeblois.fr\/index.php?rest_route=\/wp\/v2\/types\/page"}],"author":[{"embeddable":true,"href":"https:\/\/www.harmoniedeblois.fr\/index.php?rest_route=\/wp\/v2\/users\/1"}],"replies":[{"embeddable":true,"href":"https:\/\/www.harmoniedeblois.fr\/index.php?rest_route=%2Fwp%2Fv2%2Fcomments&post=11"}],"version-history":[{"count":7,"href":"https:\/\/www.harmoniedeblois.fr\/index.php?rest_route=\/wp\/v2\/pages\/11\/revisions"}],"predecessor-version":[{"id":1196,"href":"https:\/\/www.harmoniedeblois.fr\/index.php?rest_route=\/wp\/v2\/pages\/11\/revisions\/1196"}],"wp:attachment":[{"href":"https:\/\/www.harmoniedeblois.fr\/index.php?rest_route=%2Fwp%2Fv2%2Fmedia&parent=11"}],"curies":[{"name":"wp","href":"https:\/\/api.w.org\/{rel}","templated":true}]}}