{"id":402,"date":"2009-03-07T10:50:51","date_gmt":"2009-03-07T09:50:51","guid":{"rendered":"http:\/\/www.harmoniedeblois.fr\/?page_id=402"},"modified":"2013-01-02T20:26:06","modified_gmt":"2013-01-02T18:26:06","slug":"la-revue-de-presse","status":"publish","type":"page","link":"https:\/\/www.harmoniedeblois.fr\/?page_id=402","title":{"rendered":"La revue de presse"},"content":{"rendered":"<p>Vous allez trouver sur cette page tous (tous ?, non, bien s\u00fbr) les articles que nous avons concernant notre association.<\/p>\n<p>Nous remercions particuli\u00e8rement <a href=\"http:\/\/www.lanouvellerepublique.fr\" target=\"_blank\">La Nouvelle R\u00e9publique<\/a>, <a href=\"http:\/\/www.larenaissance-41.com\/\" target=\"_blank\">La Renaissance du Loir et Cher<\/a> et <a href=\"http:\/\/www.larenaissance-41.com\/\" target=\"_blank\">30 jours, pays blaisois<\/a> pour nous avoir autoris\u00e9 \u00e0 faire figurer ces articles ici, comme sur les pages sp\u00e9cifiques de nos concerts. Vous pouvez donc les consulter, mais en aucun cas en faire une autre utilisation que celle-ci.<\/p>\n<p>Ces article sont la propri\u00e9t\u00e9 de nos partenaires ci-dessus mentionn\u00e9s. <br \/><a href=\"http:\/\/www.lanouvellerepublique.fr\/res\/Mentions-legales\">Mentions l\u00e9gales de La Nouvelle R\u00e9publique<\/a><br \/><a href=\"http:\/\/www.larenaissance-41.com\/cml.aspx\">Mentions l\u00e9gales de La Renaissance du Loir et Cher<\/a><br \/><a href=\"http:\/\/www.30jours.fr\/Mentions-legales\">Mentions l\u00e9gales de 30 jours<\/a><\/p>\n<p>Retrouvez les articles sp\u00e9cifiques \u00e0 un concert sur la page de celui-ci. Rendez vous <a href=\"?page_id=240\">ici<\/a><\/p>\n<div class=\"media_concert\">\n<p><strong>Nos partenaires :<\/strong><\/p>\n<div class=\"media_concert_images\">\n<a title=\"La Nouvelle R\u00e9publique\" href=\"http:\/\/www.lanouvellerepublique.fr\/\" target=\"_blank\"><img decoding=\"async\" src=\"officiel\/images\/partenaires\/nr.jpg\" alt=\"La Nouvelle R\u00e9publique\" \/><\/a><a title=\"30 jours, pays blaisois\" href=\"http:\/\/www.30jours.fr\/\" target=\"_blank\"><img decoding=\"async\" src=\"officiel\/images\/partenaires\/30jours.jpg\" alt=\"30 jours, pays blaisois\" \/><\/a><a title=\"La Renaissance du Loir et Cher\" href=\"http:\/\/www.larenaissance-41.com\/\" target=\"_blank\"><img decoding=\"async\" src=\"officiel\/images\/partenaires\/renaissance41.jpg\" alt=\"La Renaissance du Loir et Cher\" \/><\/a><\/div>\n<p><strong>2012<\/strong><\/p>\n<div class=\"media_concert_presse\"><a title=\" \" rel=\"lightbox[2012]\" href=\"officiel\/images\/presse\/revue_presse\/20121201.jpg\"><img loading=\"lazy\" decoding=\"async\" src=\"officiel\/images\/presse\/revue_presse\/tn_20121201.jpg\" alt=\"\" width=\"120\" height=\"120\" \/><\/a><\/div>\n<p><strong>2009<\/strong><\/p>\n<div class=\"media_concert_presse\"><a title=\" \" rel=\"lightbox[2009]\" href=\"officiel\/images\/presse\/revue_presse\/20091218-1.jpg\"><img loading=\"lazy\" decoding=\"async\" src=\"officiel\/images\/presse\/revue_presse\/tn_20091218-1.jpg\" alt=\"\" width=\"120\" height=\"120\" \/><\/a><a title=\" \" rel=\"lightbox[2009]\" href=\"officiel\/images\/presse\/revue_presse\/20091218-2.jpg\"><img loading=\"lazy\" decoding=\"async\" src=\"officiel\/images\/presse\/revue_presse\/tn_20091218-2.jpg\" alt=\"\" width=\"120\" height=\"120\" \/><\/a><\/div>\n<p><strong>1990<\/strong><\/p>\n<div class=\"media_concert_presse\"><a title=\" \" rel=\"lightbox[1990]\" href=\"officiel\/images\/presse\/revue_presse\/19901209.jpg\"><img loading=\"lazy\" decoding=\"async\" src=\"officiel\/images\/presse\/revue_presse\/tn_19901209.jpg\" alt=\"\" width=\"120\" height=\"120\" \/><\/a><\/div>\n<p><strong>1985<\/strong><\/p>\n<div class=\"media_concert_presse\"><a title=\" \" rel=\"lightbox[1985]\" href=\"officiel\/images\/presse\/revue_presse\/19850320.jpg\"><img loading=\"lazy\" decoding=\"async\" src=\"officiel\/images\/presse\/revue_presse\/tn_19850320.jpg\" alt=\"\" width=\"120\" height=\"120\" \/><\/a><\/div>\n<p><strong>1979<\/strong><\/p>\n<div class=\"media_concert_presse\"><a title=\" \" rel=\"lightbox[1979]\" href=\"officiel\/images\/presse\/revue_presse\/19790912.jpg\"><img loading=\"lazy\" decoding=\"async\" src=\"officiel\/images\/presse\/revue_presse\/tn_19790912.jpg\" alt=\"\" width=\"120\" height=\"120\" \/><\/a><\/div>\n<p><strong>1972<\/strong><\/p>\n<div class=\"media_concert_presse\"><a title=\" \" rel=\"lightbox[1972]\" href=\"officiel\/images\/presse\/revue_presse\/19720327.jpg\"><img loading=\"lazy\" decoding=\"async\" src=\"officiel\/images\/presse\/revue_presse\/tn_19720327.jpg\" alt=\"\" width=\"120\" height=\"120\" \/><\/a><\/div>\n<p><strong>1949<\/strong><\/p>\n<div class=\"media_concert_presse\"><a title=\" \" rel=\"lightbox[1949]\" href=\"officiel\/images\/presse\/revue_presse\/19490714.jpg\"><img loading=\"lazy\" decoding=\"async\" src=\"officiel\/images\/presse\/revue_presse\/tn_19490714.jpg\" alt=\"\" width=\"120\" height=\"120\" \/><\/a><\/div>\n<\/div>\n","protected":false},"excerpt":{"rendered":"<p>Vous allez trouver sur cette page tous (tous ?, non, bien s\u00fbr) les articles que nous avons concernant notre association. Nous remercions particuli\u00e8rement La Nouvelle R\u00e9publique, La Renaissance du Loir et Cher et 30 jours, pays blaisois pour nous avoir autoris\u00e9 \u00e0 faire figurer ces articles ici, comme sur les pages sp\u00e9cifiques de nos concerts. [&hellip;]<\/p>\n","protected":false},"author":1,"featured_media":0,"parent":0,"menu_order":0,"comment_status":"open","ping_status":"open","template":"","meta":{"footnotes":""},"class_list":["post-402","page","type-page","status-publish","hentry"],"_links":{"self":[{"href":"https:\/\/www.harmoniedeblois.fr\/index.php?rest_route=\/wp\/v2\/pages\/402","targetHints":{"allow":["GET"]}}],"collection":[{"href":"https:\/\/www.harmoniedeblois.fr\/index.php?rest_route=\/wp\/v2\/pages"}],"about":[{"href":"https:\/\/www.harmoniedeblois.fr\/index.php?rest_route=\/wp\/v2\/types\/page"}],"author":[{"embeddable":true,"href":"https:\/\/www.harmoniedeblois.fr\/index.php?rest_route=\/wp\/v2\/users\/1"}],"replies":[{"embeddable":true,"href":"https:\/\/www.harmoniedeblois.fr\/index.php?rest_route=%2Fwp%2Fv2%2Fcomments&post=402"}],"version-history":[{"count":12,"href":"https:\/\/www.harmoniedeblois.fr\/index.php?rest_route=\/wp\/v2\/pages\/402\/revisions"}],"predecessor-version":[{"id":404,"href":"https:\/\/www.harmoniedeblois.fr\/index.php?rest_route=\/wp\/v2\/pages\/402\/revisions\/404"}],"wp:attachment":[{"href":"https:\/\/www.harmoniedeblois.fr\/index.php?rest_route=%2Fwp%2Fv2%2Fmedia&parent=402"}],"curies":[{"name":"wp","href":"https:\/\/api.w.org\/{rel}","templated":true}]}}